{"id":3010,"date":"2025-06-04T14:14:29","date_gmt":"2025-06-04T13:14:29","guid":{"rendered":"https:\/\/aecolos.edu.gov.pt\/?page_id=3010"},"modified":"2026-03-09T15:52:21","modified_gmt":"2026-03-09T14:52:21","slug":"podcast","status":"publish","type":"page","link":"https:\/\/aecolos.edu.gov.pt\/?page_id=3010","title":{"rendered":"Podcast"},"content":{"rendered":"\n<figure class=\"wp-block-image size-full\"><img loading=\"lazy\" decoding=\"async\" width=\"2560\" height=\"667\" src=\"https:\/\/aecolos.edu.gov.pt\/wp-content\/uploads\/2025\/06\/PodCast_PodCast-1-scaled.png\" alt=\"\" class=\"wp-image-3140\" srcset=\"https:\/\/aecolos.edu.gov.pt\/wp-content\/uploads\/2025\/06\/PodCast_PodCast-1-scaled.png 2560w, https:\/\/aecolos.edu.gov.pt\/wp-content\/uploads\/2025\/06\/PodCast_PodCast-1-300x78.png 300w, https:\/\/aecolos.edu.gov.pt\/wp-content\/uploads\/2025\/06\/PodCast_PodCast-1-1024x267.png 1024w, https:\/\/aecolos.edu.gov.pt\/wp-content\/uploads\/2025\/06\/PodCast_PodCast-1-768x200.png 768w, https:\/\/aecolos.edu.gov.pt\/wp-content\/uploads\/2025\/06\/PodCast_PodCast-1-1536x400.png 1536w, https:\/\/aecolos.edu.gov.pt\/wp-content\/uploads\/2025\/06\/PodCast_PodCast-1-2048x534.png 2048w, https:\/\/aecolos.edu.gov.pt\/wp-content\/uploads\/2025\/06\/PodCast_PodCast-1-200x52.png 200w, https:\/\/aecolos.edu.gov.pt\/wp-content\/uploads\/2025\/06\/PodCast_PodCast-1-1320x344.png 1320w\" sizes=\"auto, (max-width: 2560px) 100vw, 2560px\" \/><\/figure>\n\n\n\n<p class=\"has-medium-font-size\"><strong>&#8220;R\u00e1dio na nossa Escola&#8221; <\/strong>\u00e9 um projeto experimental de produ\u00e7\u00e3o de conte\u00fados digitais, em formato de podcast. Todos podem participar, com propostas de programas autorais. Pretendemos estimular tamb\u00e9m a liga\u00e7\u00e3o \u00e0s \u00e1reas disciplinares e coproduzir conte\u00fados que potenciem o conhecimento m\u00fatuo e o prazer da descoberta.&nbsp;<\/p>\n\n\n\n<p class=\"has-medium-font-size\">Acreditamos na import\u00e2ncia da comunica\u00e7\u00e3o oral e da escuta como ferramentas importantes para o processo de aprendizagem e para uma escola feliz.<\/p>\n\n\n\n<p class=\"has-medium-font-size\"><strong>Coordenado por Teresa Te\u00f3filo<\/strong><\/p>\n\n\n\n<div style=\"height:19px\" aria-hidden=\"true\" class=\"wp-block-spacer\"><\/div>\n\n\n<div class=\"wp-block-image\">\n<figure class=\"aligncenter size-full\"><img loading=\"lazy\" decoding=\"async\" width=\"2560\" height=\"667\" src=\"https:\/\/aecolos.edu.gov.pt\/wp-content\/uploads\/2025\/06\/PodCast_BE-scaled.png\" alt=\"\" class=\"wp-image-3134\" style=\"object-fit:cover\" srcset=\"https:\/\/aecolos.edu.gov.pt\/wp-content\/uploads\/2025\/06\/PodCast_BE-scaled.png 2560w, https:\/\/aecolos.edu.gov.pt\/wp-content\/uploads\/2025\/06\/PodCast_BE-300x78.png 300w, https:\/\/aecolos.edu.gov.pt\/wp-content\/uploads\/2025\/06\/PodCast_BE-1024x267.png 1024w, https:\/\/aecolos.edu.gov.pt\/wp-content\/uploads\/2025\/06\/PodCast_BE-768x200.png 768w, https:\/\/aecolos.edu.gov.pt\/wp-content\/uploads\/2025\/06\/PodCast_BE-1536x400.png 1536w, https:\/\/aecolos.edu.gov.pt\/wp-content\/uploads\/2025\/06\/PodCast_BE-2048x534.png 2048w, https:\/\/aecolos.edu.gov.pt\/wp-content\/uploads\/2025\/06\/PodCast_BE-200x52.png 200w, https:\/\/aecolos.edu.gov.pt\/wp-content\/uploads\/2025\/06\/PodCast_BE-1320x344.png 1320w\" sizes=\"auto, (max-width: 2560px) 100vw, 2560px\" \/><\/figure>\n<\/div>\n\n\n<p class=\"has-medium-font-size\">O podcast da BE, <strong>&#8220;Leitura que transforma. R\u00e1dio que encanta&#8221;<\/strong>, deseja ser um canal de partilha, divulga\u00e7\u00e3o e inspira\u00e7\u00e3o para a cultura do livro e da leitura, a partir das viv\u00eancias dos leitores. Pretende, com otimismo, provocar a curiosidade e o pensamento cr\u00edtico, junto das crian\u00e7as e adolescentes.&nbsp;<\/p>\n\n\n\n<p class=\"has-medium-font-size\"><strong>Ep.0_Gen\u00e9rico do Podcast da BE (1min)<\/strong><\/p>\n\n\n\n<figure class=\"wp-block-audio\"><audio controls src=\"https:\/\/aecolos.edu.gov.pt\/wp-content\/uploads\/2025\/05\/GENERICO_BE_final.wav\"><\/audio><\/figure>\n\n\n\n<p class=\"has-medium-font-size\"><strong>Ep.1_Manuela Guerreiro (13min)<\/strong><\/p>\n\n\n\n<figure class=\"wp-block-audio\"><audio controls src=\"https:\/\/aecolos.edu.gov.pt\/wp-content\/uploads\/2025\/05\/BE-1_MANUELA-GUERREIRO_final-online-audio-converter.com_.mp3\"><\/audio><\/figure>\n\n\n\n<p class=\"has-medium-font-size\"><strong>Ep.2_Alice e Francisco (8min)<\/strong><\/p>\n\n\n\n<figure class=\"wp-block-audio\"><audio controls src=\"https:\/\/aecolos.edu.gov.pt\/wp-content\/uploads\/2025\/05\/BE-2_ALICE-E-FRANCISCO_final.wav\"><\/audio><\/figure>\n\n\n\n<p class=\"has-medium-font-size\"><strong>Ep.3_S\u00edlvia Laureano (11min)<\/strong><\/p>\n\n\n\n<figure class=\"wp-block-audio\"><audio controls src=\"https:\/\/aecolos.edu.gov.pt\/wp-content\/uploads\/2025\/07\/BE-3-SILVIA-LAUREANO.wav\"><\/audio><\/figure>\n\n\n\n<div style=\"height:10px\" aria-hidden=\"true\" class=\"wp-block-spacer\"><\/div>\n\n\n\n<div class=\"wp-block-media-text has-media-on-the-right is-stacked-on-mobile\" style=\"grid-template-columns:auto 25%\"><div class=\"wp-block-media-text__content\">\n<p class=\"has-medium-font-size\"><strong>Ep.4_Kau\u00e3 Oliveira (10min)<\/strong><\/p>\n\n\n\n<figure class=\"wp-block-audio\"><audio controls src=\"https:\/\/aecolos.edu.gov.pt\/wp-content\/uploads\/2026\/03\/BE-8_Kaua-Oliveira.wav\"><\/audio><\/figure>\n<\/div><figure class=\"wp-block-media-text__media\"><img loading=\"lazy\" decoding=\"async\" width=\"1024\" height=\"912\" src=\"https:\/\/aecolos.edu.gov.pt\/wp-content\/uploads\/2026\/03\/foto-Kaua-1024x912.jpg\" alt=\"\" class=\"wp-image-3551 size-full\" srcset=\"https:\/\/aecolos.edu.gov.pt\/wp-content\/uploads\/2026\/03\/foto-Kaua-1024x912.jpg 1024w, https:\/\/aecolos.edu.gov.pt\/wp-content\/uploads\/2026\/03\/foto-Kaua-300x267.jpg 300w, https:\/\/aecolos.edu.gov.pt\/wp-content\/uploads\/2026\/03\/foto-Kaua-768x684.jpg 768w, https:\/\/aecolos.edu.gov.pt\/wp-content\/uploads\/2026\/03\/foto-Kaua-1536x1368.jpg 1536w, https:\/\/aecolos.edu.gov.pt\/wp-content\/uploads\/2026\/03\/foto-Kaua-2048x1824.jpg 2048w, https:\/\/aecolos.edu.gov.pt\/wp-content\/uploads\/2026\/03\/foto-Kaua-200x178.jpg 200w, https:\/\/aecolos.edu.gov.pt\/wp-content\/uploads\/2026\/03\/foto-Kaua-1320x1175.jpg 1320w\" sizes=\"auto, (max-width: 1024px) 100vw, 1024px\" \/><\/figure><\/div>\n\n\n\n<div class=\"wp-block-media-text has-media-on-the-right is-stacked-on-mobile\" style=\"grid-template-columns:auto 25%\"><div class=\"wp-block-media-text__content\">\n<p class=\"has-medium-font-size\"><strong>Ep.5_Anandi Higashino (11min)<\/strong><\/p>\n\n\n\n<figure class=\"wp-block-audio\"><audio controls src=\"https:\/\/aecolos.edu.gov.pt\/wp-content\/uploads\/2025\/10\/BE-4_Anandi-Higashino-1.mp3\"><\/audio><\/figure>\n<\/div><figure class=\"wp-block-media-text__media\"><img loading=\"lazy\" decoding=\"async\" width=\"907\" height=\"1024\" src=\"https:\/\/aecolos.edu.gov.pt\/wp-content\/uploads\/2025\/10\/Foto-Anandi-907x1024.jpg\" alt=\"\" class=\"wp-image-3454 size-full\" srcset=\"https:\/\/aecolos.edu.gov.pt\/wp-content\/uploads\/2025\/10\/Foto-Anandi-907x1024.jpg 907w, https:\/\/aecolos.edu.gov.pt\/wp-content\/uploads\/2025\/10\/Foto-Anandi-266x300.jpg 266w, https:\/\/aecolos.edu.gov.pt\/wp-content\/uploads\/2025\/10\/Foto-Anandi-768x867.jpg 768w, https:\/\/aecolos.edu.gov.pt\/wp-content\/uploads\/2025\/10\/Foto-Anandi-1361x1536.jpg 1361w, https:\/\/aecolos.edu.gov.pt\/wp-content\/uploads\/2025\/10\/Foto-Anandi-1815x2048.jpg 1815w, https:\/\/aecolos.edu.gov.pt\/wp-content\/uploads\/2025\/10\/Foto-Anandi-200x226.jpg 200w, https:\/\/aecolos.edu.gov.pt\/wp-content\/uploads\/2025\/10\/Foto-Anandi-1320x1490.jpg 1320w\" sizes=\"auto, (max-width: 907px) 100vw, 907px\" \/><\/figure><\/div>\n\n\n\n<div class=\"wp-block-media-text has-media-on-the-right is-stacked-on-mobile\" style=\"grid-template-columns:auto 25%\"><div class=\"wp-block-media-text__content\">\n<p class=\"has-medium-font-size\"><strong>Ep.6_Nala Pinheiro (13min)<\/strong><\/p>\n\n\n\n<figure class=\"wp-block-audio\"><audio controls src=\"https:\/\/aecolos.edu.gov.pt\/wp-content\/uploads\/2025\/10\/BE-5_Nala-Pinheiro.mp3\"><\/audio><\/figure>\n<\/div><figure class=\"wp-block-media-text__media\"><img loading=\"lazy\" decoding=\"async\" width=\"1024\" height=\"771\" src=\"https:\/\/aecolos.edu.gov.pt\/wp-content\/uploads\/2025\/10\/foto-Nala-1024x771.jpg\" alt=\"\" class=\"wp-image-3469 size-full\" srcset=\"https:\/\/aecolos.edu.gov.pt\/wp-content\/uploads\/2025\/10\/foto-Nala-1024x771.jpg 1024w, https:\/\/aecolos.edu.gov.pt\/wp-content\/uploads\/2025\/10\/foto-Nala-300x226.jpg 300w, https:\/\/aecolos.edu.gov.pt\/wp-content\/uploads\/2025\/10\/foto-Nala-768x578.jpg 768w, https:\/\/aecolos.edu.gov.pt\/wp-content\/uploads\/2025\/10\/foto-Nala-1536x1157.jpg 1536w, https:\/\/aecolos.edu.gov.pt\/wp-content\/uploads\/2025\/10\/foto-Nala-200x151.jpg 200w, https:\/\/aecolos.edu.gov.pt\/wp-content\/uploads\/2025\/10\/foto-Nala-1320x994.jpg 1320w, https:\/\/aecolos.edu.gov.pt\/wp-content\/uploads\/2025\/10\/foto-Nala.jpg 2040w\" sizes=\"auto, (max-width: 1024px) 100vw, 1024px\" \/><\/figure><\/div>\n\n\n\n<div class=\"wp-block-media-text has-media-on-the-right is-stacked-on-mobile\" style=\"grid-template-columns:auto 25%\"><div class=\"wp-block-media-text__content\">\n<p class=\"has-medium-font-size\"><strong>Ep.7_Ana Naves (14min)<\/strong><\/p>\n\n\n\n<figure class=\"wp-block-audio\"><audio controls src=\"https:\/\/aecolos.edu.gov.pt\/wp-content\/uploads\/2025\/11\/BE-6_Ana-Naves.mp3\"><\/audio><\/figure>\n<\/div><figure class=\"wp-block-media-text__media\"><img loading=\"lazy\" decoding=\"async\" width=\"919\" height=\"1024\" src=\"https:\/\/aecolos.edu.gov.pt\/wp-content\/uploads\/2025\/11\/foto-Ana-Naves-919x1024.jpg\" alt=\"\" class=\"wp-image-3473 size-full\" srcset=\"https:\/\/aecolos.edu.gov.pt\/wp-content\/uploads\/2025\/11\/foto-Ana-Naves-919x1024.jpg 919w, https:\/\/aecolos.edu.gov.pt\/wp-content\/uploads\/2025\/11\/foto-Ana-Naves-269x300.jpg 269w, https:\/\/aecolos.edu.gov.pt\/wp-content\/uploads\/2025\/11\/foto-Ana-Naves-768x856.jpg 768w, https:\/\/aecolos.edu.gov.pt\/wp-content\/uploads\/2025\/11\/foto-Ana-Naves-1378x1536.jpg 1378w, https:\/\/aecolos.edu.gov.pt\/wp-content\/uploads\/2025\/11\/foto-Ana-Naves-1837x2048.jpg 1837w, https:\/\/aecolos.edu.gov.pt\/wp-content\/uploads\/2025\/11\/foto-Ana-Naves-200x223.jpg 200w, https:\/\/aecolos.edu.gov.pt\/wp-content\/uploads\/2025\/11\/foto-Ana-Naves-1320x1471.jpg 1320w\" sizes=\"auto, (max-width: 919px) 100vw, 919px\" \/><\/figure><\/div>\n\n\n\n<div class=\"wp-block-media-text has-media-on-the-right is-stacked-on-mobile\" style=\"grid-template-columns:auto 25%\"><div class=\"wp-block-media-text__content\">\n<p class=\"has-medium-font-size\"><strong>Ep.8_Nat\u00e1lia Soares (12min)<\/strong><\/p>\n\n\n\n<figure class=\"wp-block-audio\"><audio controls src=\"https:\/\/aecolos.edu.gov.pt\/wp-content\/uploads\/2025\/11\/BE-7_Natalia-Soares_final-1.mp3\"><\/audio><\/figure>\n<\/div><figure class=\"wp-block-media-text__media\"><img loading=\"lazy\" decoding=\"async\" width=\"1024\" height=\"799\" src=\"https:\/\/aecolos.edu.gov.pt\/wp-content\/uploads\/2025\/11\/foto-Natalia-Soares-1024x799.jpg\" alt=\"\" class=\"wp-image-3477 size-full\" srcset=\"https:\/\/aecolos.edu.gov.pt\/wp-content\/uploads\/2025\/11\/foto-Natalia-Soares-1024x799.jpg 1024w, https:\/\/aecolos.edu.gov.pt\/wp-content\/uploads\/2025\/11\/foto-Natalia-Soares-300x234.jpg 300w, https:\/\/aecolos.edu.gov.pt\/wp-content\/uploads\/2025\/11\/foto-Natalia-Soares-768x599.jpg 768w, https:\/\/aecolos.edu.gov.pt\/wp-content\/uploads\/2025\/11\/foto-Natalia-Soares-1536x1198.jpg 1536w, https:\/\/aecolos.edu.gov.pt\/wp-content\/uploads\/2025\/11\/foto-Natalia-Soares-2048x1598.jpg 2048w, https:\/\/aecolos.edu.gov.pt\/wp-content\/uploads\/2025\/11\/foto-Natalia-Soares-200x156.jpg 200w, https:\/\/aecolos.edu.gov.pt\/wp-content\/uploads\/2025\/11\/foto-Natalia-Soares-1320x1030.jpg 1320w\" sizes=\"auto, (max-width: 1024px) 100vw, 1024px\" \/><\/figure><\/div>\n\n\n\n<div class=\"wp-block-media-text has-media-on-the-right is-stacked-on-mobile\" style=\"grid-template-columns:auto 25%\"><div class=\"wp-block-media-text__content\">\n<p class=\"has-medium-font-size\"><strong><strong>Ep.<\/strong>9_Gopal Blanc (14min)<\/strong><\/p>\n\n\n\n<figure class=\"wp-block-audio\"><audio controls src=\"https:\/\/aecolos.edu.gov.pt\/wp-content\/uploads\/2026\/03\/BE-9_Gopal-Blanc.mp3\"><\/audio><\/figure>\n<\/div><figure class=\"wp-block-media-text__media\"><img loading=\"lazy\" decoding=\"async\" width=\"1024\" height=\"1020\" src=\"https:\/\/aecolos.edu.gov.pt\/wp-content\/uploads\/2026\/03\/foto-Gopal-Blanc-1024x1020.jpg\" alt=\"\" class=\"wp-image-3553 size-full\" srcset=\"https:\/\/aecolos.edu.gov.pt\/wp-content\/uploads\/2026\/03\/foto-Gopal-Blanc-1024x1020.jpg 1024w, https:\/\/aecolos.edu.gov.pt\/wp-content\/uploads\/2026\/03\/foto-Gopal-Blanc-300x300.jpg 300w, https:\/\/aecolos.edu.gov.pt\/wp-content\/uploads\/2026\/03\/foto-Gopal-Blanc-150x150.jpg 150w, https:\/\/aecolos.edu.gov.pt\/wp-content\/uploads\/2026\/03\/foto-Gopal-Blanc-768x765.jpg 768w, https:\/\/aecolos.edu.gov.pt\/wp-content\/uploads\/2026\/03\/foto-Gopal-Blanc-1536x1530.jpg 1536w, https:\/\/aecolos.edu.gov.pt\/wp-content\/uploads\/2026\/03\/foto-Gopal-Blanc-2048x2040.jpg 2048w, https:\/\/aecolos.edu.gov.pt\/wp-content\/uploads\/2026\/03\/foto-Gopal-Blanc-200x199.jpg 200w, https:\/\/aecolos.edu.gov.pt\/wp-content\/uploads\/2026\/03\/foto-Gopal-Blanc-1320x1315.jpg 1320w\" sizes=\"auto, (max-width: 1024px) 100vw, 1024px\" \/><\/figure><\/div>\n\n\n\n<div style=\"height:100px\" aria-hidden=\"true\" class=\"wp-block-spacer\"><\/div>\n\n\n<div class=\"wp-block-image\">\n<figure class=\"aligncenter size-full\"><img loading=\"lazy\" decoding=\"async\" width=\"2560\" height=\"667\" src=\"https:\/\/aecolos.edu.gov.pt\/wp-content\/uploads\/2025\/06\/PodCast_Telas-scaled.png\" alt=\"\" class=\"wp-image-3135\" style=\"object-fit:cover\" srcset=\"https:\/\/aecolos.edu.gov.pt\/wp-content\/uploads\/2025\/06\/PodCast_Telas-scaled.png 2560w, https:\/\/aecolos.edu.gov.pt\/wp-content\/uploads\/2025\/06\/PodCast_Telas-300x78.png 300w, https:\/\/aecolos.edu.gov.pt\/wp-content\/uploads\/2025\/06\/PodCast_Telas-1024x267.png 1024w, https:\/\/aecolos.edu.gov.pt\/wp-content\/uploads\/2025\/06\/PodCast_Telas-768x200.png 768w, https:\/\/aecolos.edu.gov.pt\/wp-content\/uploads\/2025\/06\/PodCast_Telas-1536x400.png 1536w, https:\/\/aecolos.edu.gov.pt\/wp-content\/uploads\/2025\/06\/PodCast_Telas-2048x534.png 2048w, https:\/\/aecolos.edu.gov.pt\/wp-content\/uploads\/2025\/06\/PodCast_Telas-200x52.png 200w, https:\/\/aecolos.edu.gov.pt\/wp-content\/uploads\/2025\/06\/PodCast_Telas-1320x344.png 1320w\" sizes=\"auto, (max-width: 2560px) 100vw, 2560px\" \/><\/figure>\n<\/div>\n\n\n<div class=\"wp-block-media-text is-stacked-on-mobile\" style=\"grid-template-columns:25% auto\"><figure class=\"wp-block-media-text__media\"><img loading=\"lazy\" decoding=\"async\" width=\"1024\" height=\"1024\" src=\"https:\/\/aecolos.edu.gov.pt\/wp-content\/uploads\/2025\/07\/Guilherme-edited-1024x1024.jpg\" alt=\"\" class=\"wp-image-3286 size-full\" srcset=\"https:\/\/aecolos.edu.gov.pt\/wp-content\/uploads\/2025\/07\/Guilherme-edited-1024x1024.jpg 1024w, https:\/\/aecolos.edu.gov.pt\/wp-content\/uploads\/2025\/07\/Guilherme-edited-300x300.jpg 300w, https:\/\/aecolos.edu.gov.pt\/wp-content\/uploads\/2025\/07\/Guilherme-edited-150x150.jpg 150w, https:\/\/aecolos.edu.gov.pt\/wp-content\/uploads\/2025\/07\/Guilherme-edited-768x768.jpg 768w, https:\/\/aecolos.edu.gov.pt\/wp-content\/uploads\/2025\/07\/Guilherme-edited-200x200.jpg 200w, https:\/\/aecolos.edu.gov.pt\/wp-content\/uploads\/2025\/07\/Guilherme-edited-1320x1320.jpg 1320w, https:\/\/aecolos.edu.gov.pt\/wp-content\/uploads\/2025\/07\/Guilherme-edited.jpg 1536w\" sizes=\"auto, (max-width: 1024px) 100vw, 1024px\" \/><\/figure><div class=\"wp-block-media-text__content\">\n<p>Telas Animadas, um podcast sobre filmes e s\u00e9ries para todos os gostos e dedicado aos jovens. Produzido e apresentado por Guilherme Franco (8\u00ba A)<\/p>\n<\/div><\/div>\n\n\n\n<p>Telas Animadas #1 (5min)<\/p>\n\n\n\n<figure class=\"wp-block-audio\"><audio controls src=\"https:\/\/aecolos.edu.gov.pt\/wp-content\/uploads\/2025\/05\/TELAS-1.wav\"><\/audio><\/figure>\n\n\n\n<p>Telas Animadas #2 (4min)<\/p>\n\n\n\n<figure class=\"wp-block-audio\"><audio controls src=\"https:\/\/aecolos.edu.gov.pt\/wp-content\/uploads\/2025\/05\/TELAS-2.wav\"><\/audio><\/figure>\n\n\n\n<p>Telas Animadas #3 (4min)<\/p>\n\n\n\n<figure class=\"wp-block-audio\"><audio controls src=\"https:\/\/aecolos.edu.gov.pt\/wp-content\/uploads\/2025\/06\/TELAS-3_final.wav\"><\/audio><\/figure>\n\n\n\n<div class=\"wp-block-group is-layout-grid wp-container-core-group-is-layout-9649a0d9 wp-block-group-is-layout-grid\"><\/div>\n\n\n\n<p><\/p>\n","protected":false},"excerpt":{"rendered":"<p>&#8220;R\u00e1dio na nossa Escola&#8221; \u00e9 um projeto experimental de produ\u00e7\u00e3o de conte\u00fados digitais, em formato de podcast. Todos podem participar, com propostas de programas autorais. Pretendemos estimular tamb\u00e9m a liga\u00e7\u00e3o &#8230;<\/p>\n","protected":false},"author":3,"featured_media":0,"parent":0,"menu_order":0,"comment_status":"closed","ping_status":"closed","template":"","meta":{"pgc_sgb_lightbox_settings":"","footnotes":""},"class_list":["post-3010","page","type-page","status-publish","hentry"],"_links":{"self":[{"href":"https:\/\/aecolos.edu.gov.pt\/index.php?rest_route=\/wp\/v2\/pages\/3010","targetHints":{"allow":["GET"]}}],"collection":[{"href":"https:\/\/aecolos.edu.gov.pt\/index.php?rest_route=\/wp\/v2\/pages"}],"about":[{"href":"https:\/\/aecolos.edu.gov.pt\/index.php?rest_route=\/wp\/v2\/types\/page"}],"author":[{"embeddable":true,"href":"https:\/\/aecolos.edu.gov.pt\/index.php?rest_route=\/wp\/v2\/users\/3"}],"replies":[{"embeddable":true,"href":"https:\/\/aecolos.edu.gov.pt\/index.php?rest_route=%2Fwp%2Fv2%2Fcomments&post=3010"}],"version-history":[{"count":29,"href":"https:\/\/aecolos.edu.gov.pt\/index.php?rest_route=\/wp\/v2\/pages\/3010\/revisions"}],"predecessor-version":[{"id":3581,"href":"https:\/\/aecolos.edu.gov.pt\/index.php?rest_route=\/wp\/v2\/pages\/3010\/revisions\/3581"}],"wp:attachment":[{"href":"https:\/\/aecolos.edu.gov.pt\/index.php?rest_route=%2Fwp%2Fv2%2Fmedia&parent=3010"}],"curies":[{"name":"wp","href":"https:\/\/api.w.org\/{rel}","templated":true}]}}