{"id":2217,"date":"2025-01-14T16:08:44","date_gmt":"2025-01-14T16:08:44","guid":{"rendered":"https:\/\/aecolos.edu.gov.pt\/?page_id=2217"},"modified":"2025-05-27T09:56:30","modified_gmt":"2025-05-27T08:56:30","slug":"home","status":"publish","type":"page","link":"https:\/\/aecolos.edu.gov.pt\/","title":{"rendered":"Home"},"content":{"rendered":"\n<p class=\"has-text-align-right\"><\/p>\n\n\n\n<div class=\"alignnormal\"><div id=\"metaslider-id-3108\" style=\"width: 100%;\" class=\"ml-slider-3-108-0 metaslider metaslider-flex metaslider-3108 ml-slider has-dots-onhover-navigation ms-theme-blend\" role=\"region\" aria-label=\"Principal_1400X600\" data-height=\"600\" data-width=\"1400\">\n    <div id=\"metaslider_container_3108\">\n        <div id=\"metaslider_3108\">\n            <ul class='slides'>\n                <li style=\"display: block; width: 100%;\" class=\"slide-3288 ms-image \" aria-roledescription=\"slide\" data-date=\"2025-07-02 13:07:27\" data-filename=\"Agrupamento-de-Escolas-de-Colos_entrada-2.png\" data-slide-type=\"image\"><img loading=\"lazy\" decoding=\"async\" src=\"https:\/\/aecolos.edu.gov.pt\/wp-content\/uploads\/2025\/05\/Agrupamento-de-Escolas-de-Colos_entrada-2.png\" height=\"600\" width=\"1400\" alt=\"\" class=\"slider-3108 slide-3288 msDefaultImage\" title=\"Agrupamento de Escolas de Colos_entrada\" \/><\/li>\n                <li style=\"display: none; width: 100%;\" class=\"slide-3114 ms-image \" aria-roledescription=\"slide\" data-date=\"2025-05-27 09:54:05\" data-filename=\"Agrupamento-de-Escolas-de-Colos_Escola-1.png\" data-slide-type=\"image\"><img loading=\"lazy\" decoding=\"async\" src=\"https:\/\/aecolos.edu.gov.pt\/wp-content\/uploads\/2025\/05\/Agrupamento-de-Escolas-de-Colos_Escola-1.png\" height=\"600\" width=\"1400\" alt=\"\" class=\"slider-3108 slide-3114 msDefaultImage\" title=\"Agrupamento de Escolas de Colos_Escola\" \/><\/li>\n                <li style=\"display: none; width: 100%;\" class=\"slide-3118 ms-image \" aria-roledescription=\"slide\" data-date=\"2025-05-27 09:59:36\" data-filename=\"Calendario-Escolar-25-26-1-1400x600.png\" data-slide-type=\"image\"><img loading=\"lazy\" decoding=\"async\" src=\"https:\/\/aecolos.edu.gov.pt\/wp-content\/uploads\/2025\/07\/Calendario-Escolar-25-26-1-1400x600.png\" height=\"600\" width=\"1400\" alt=\"\" class=\"slider-3108 slide-3118 msDefaultImage\" title=\"Calenda\u0301rio Escolar 25-26\" \/><\/li>\n                <li style=\"display: none; width: 100%;\" class=\"slide-3606 ms-image \" aria-roledescription=\"slide\" data-date=\"2026-04-20 09:41:50\" data-filename=\"Captura-de-ecra-2026-04-20-093802-1358x582.png\" data-slide-type=\"image\"><a href=\"https:\/\/aecolos.edu.gov.pt\/?p=3602\" target=\"_blank\" aria-label=\"Saiba mais\" class=\"metaslider_image_link\"><img loading=\"lazy\" decoding=\"async\" src=\"https:\/\/aecolos.edu.gov.pt\/wp-content\/uploads\/2026\/04\/Captura-de-ecra-2026-04-20-093802-1358x582.png\" height=\"600\" width=\"1400\" alt=\"\" class=\"slider-3108 slide-3606 msDefaultImage\" title=\"Captura de ecr\u00e3 2026-04-20 093802\" \/><\/a><div class=\"caption-wrap\"><div class=\"caption\"><div><a class=\"ms-custom-button\" style=\"background-color:rgb(0,115,170);color:rgb(255,255,255);\" href=\"https:\/\/aecolos.edu.gov.pt\/?p=3602\" target=\"_blank\" rel=\"noreferrer noopener\">clique aqui<\/a><\/div><\/div><\/div><\/li>\n            <\/ul>\n        <\/div>\n        \n    <\/div>\n<\/div><\/div>\n\n\n\n<div style=\"height:50px\" aria-hidden=\"true\" class=\"wp-block-spacer\"><\/div>\n\n\n\n<p class=\"has-text-align-center has-white-color has-text-color has-background has-link-color has-medium-font-size wp-elements-9c4acb58e9c438ee4451d6c8c1ac71fe\" style=\"background-color:#ec661b;letter-spacing:1px\"><strong><a href=\"https:\/\/aecolos.edu.gov.pt\/?cat=5\">Avisos Importantes<\/a><\/strong><\/p>\n\n\n\n<div class=\"wp-block-query is-layout-flow wp-block-query-is-layout-flow\"><ul class=\"columns-3 wp-block-post-template is-layout-grid wp-container-core-post-template-is-layout-2f3213d7 wp-block-post-template-is-layout-grid\"><li class=\"wp-block-post post-3602 post type-post status-publish format-standard has-post-thumbnail hentry category-avisos category-noticias\">\n\n<div class=\"wp-block-group\" style=\"padding-top:30px;padding-right:30px;padding-bottom:30px;padding-left:30px\"><div class=\"wp-block-group__inner-container is-layout-flow wp-block-group-is-layout-flow\"><h2 class=\"wp-block-post-title\"><a href=\"https:\/\/aecolos.edu.gov.pt\/?p=3602\" target=\"_self\" >Matr\u00edculas 2026\/2027<\/a><\/h2>\n\n<div class=\"wp-block-post-excerpt\"><p class=\"wp-block-post-excerpt__excerpt\"> <\/p><\/div>\n\n<div class=\"wp-block-post-date\"><time datetime=\"2026-04-20T09:39:25+01:00\">20 de Abril, 2026<\/time><\/div><\/div><\/div>\n\n<\/li><li class=\"wp-block-post post-3537 post type-post status-publish format-standard hentry category-avisos category-noticias tag-avisos\">\n\n<div class=\"wp-block-group\" style=\"padding-top:30px;padding-right:30px;padding-bottom:30px;padding-left:30px\"><div class=\"wp-block-group__inner-container is-layout-flow wp-block-group-is-layout-flow\"><h2 class=\"wp-block-post-title\"><a href=\"https:\/\/aecolos.edu.gov.pt\/?p=3537\" target=\"_self\" >ESCOLA ENCERRADA &#8211; 5 e 6 DE FEVEREIRO 2026<\/a><\/h2>\n\n<div class=\"wp-block-post-excerpt\"><p class=\"wp-block-post-excerpt__excerpt\">INFORMA\u00c7\u00c3O &#8211; AVISO Por decis\u00e3o do munic\u00edpio o Agrupamento de Escolas de Colos encontra-se encerrado nos dias 5 e 6 de fevereiro, pelo que n\u00e3o se devem deslocar para o &#8230; <\/p><\/div>\n\n<div class=\"wp-block-post-date\"><time datetime=\"2026-02-05T07:59:20+01:00\">5 de Fevereiro, 2026<\/time><\/div><\/div><\/div>\n\n<\/li><li class=\"wp-block-post post-3533 post type-post status-publish format-standard has-post-thumbnail hentry category-avisos category-noticias tag-concursos-avisos\">\n\n<div class=\"wp-block-group\" style=\"padding-top:30px;padding-right:30px;padding-bottom:30px;padding-left:30px\"><div class=\"wp-block-group__inner-container is-layout-flow wp-block-group-is-layout-flow\"><h2 class=\"wp-block-post-title\"><a href=\"https:\/\/aecolos.edu.gov.pt\/?p=3533\" target=\"_self\" >Resultados concurso T\u00e9cnico Especializado &#8211; Psic\u00f3logo\/a<\/a><\/h2>\n\n<div class=\"wp-block-post-excerpt\"><p class=\"wp-block-post-excerpt__excerpt\"> <\/p><\/div>\n\n<div class=\"wp-block-post-date\"><time datetime=\"2026-01-31T12:31:58+01:00\">31 de Janeiro, 2026<\/time><\/div><\/div><\/div>\n\n<\/li><\/ul><\/div>\n\n\n\n<p class=\"has-text-align-center has-white-color has-text-color has-background has-link-color has-medium-font-size wp-elements-d7af0f9e05c88b9f8e252977ab868e4d\" style=\"background-color:#ec661b;letter-spacing:1px\"><strong><a href=\"https:\/\/aecolos.edu.gov.pt\/?page_id=1416\">\u00daltimas Not\u00edcias<\/a><\/strong><\/p>\n\n\n\n<div class=\"wp-block-query alignwide is-layout-flow wp-block-query-is-layout-flow\"><ul class=\"columns-3 wp-block-post-template is-layout-grid wp-container-core-post-template-is-layout-2fc57c17 wp-block-post-template-is-layout-grid\"><li class=\"wp-block-post post-3600 post type-post status-publish format-standard has-post-thumbnail hentry category-atividades category-noticias tag-be\">\n\n<div class=\"wp-block-group\" style=\"padding-top:30px;padding-right:30px;padding-bottom:30px;padding-left:30px\"><div class=\"wp-block-group__inner-container is-layout-flow wp-block-group-is-layout-flow\"><h2 class=\"wp-block-post-title\"><a href=\"https:\/\/aecolos.edu.gov.pt\/?p=3600\" target=\"_self\" >Feira do Livro &#8211; ABRIL &#8211; AE Colos<\/a><\/h2>\n\n<div class=\"wp-block-post-excerpt\"><p class=\"wp-block-post-excerpt__excerpt\"> <\/p><\/div>\n\n<div class=\"wp-block-post-date\"><time datetime=\"2026-03-29T09:43:53+01:00\">29 de Mar\u00e7o, 2026<\/time><\/div><\/div><\/div>\n\n<\/li><li class=\"wp-block-post post-3587 post type-post status-publish format-standard has-post-thumbnail hentry category-atividades category-noticias tag-1o-ceb tag-2o-ceb tag-3o-ceb tag-be\">\n\n<div class=\"wp-block-group\" style=\"padding-top:30px;padding-right:30px;padding-bottom:30px;padding-left:30px\"><div class=\"wp-block-group__inner-container is-layout-flow wp-block-group-is-layout-flow\"><h2 class=\"wp-block-post-title\"><a href=\"https:\/\/aecolos.edu.gov.pt\/?p=3587\" target=\"_self\" >Os Grandes Leitores &#8211; Concurso de Leitura 17 de Mar\u00e7o 2026<\/a><\/h2>\n\n<div class=\"wp-block-post-excerpt\"><p class=\"wp-block-post-excerpt__excerpt\">No passado dia 17 de mar\u00e7o, realizou-se na Biblioteca Escolar (BE) da Escola B\u00e1sica Aviador Brito Paes, a 2\u00aa eliminat\u00f3ria do 11\u00ba concurso concelhio de leitura \u201cODEMIRA A LER+\u201d. Este &#8230; <\/p><\/div>\n\n<div class=\"wp-block-post-date\"><time datetime=\"2026-03-23T17:35:12+01:00\">23 de Mar\u00e7o, 2026<\/time><\/div><\/div><\/div>\n\n<\/li><li class=\"wp-block-post post-3519 post type-post status-publish format-standard has-post-thumbnail hentry category-atividades category-noticias tag-ae-colos tag-ccv tag-comunidade tag-convite\">\n\n<div class=\"wp-block-group\" style=\"padding-top:30px;padding-right:30px;padding-bottom:30px;padding-left:30px\"><div class=\"wp-block-group__inner-container is-layout-flow wp-block-group-is-layout-flow\"><h2 class=\"wp-block-post-title\"><a href=\"https:\/\/aecolos.edu.gov.pt\/?p=3519\" target=\"_self\" >Convite &#8211; Observa\u00e7\u00e3o Noturna &#8211; 27 janeiro<\/a><\/h2>\n\n<div class=\"wp-block-post-excerpt\"><p class=\"wp-block-post-excerpt__excerpt\">\ud83c\udf0c UMA NOITE SOB AS ESTRELAS \ud83c\udf20 Explora\u00e7\u00e3o do C\u00e9u Noturno em ColosEst\u00e1s convidado para uma viagem inesquec\u00edvel pelo cosmos! Vem descobrir os segredos que a noite esconde, desde o &#8230; <\/p><\/div>\n\n<div class=\"wp-block-post-date\"><time datetime=\"2026-01-21T19:38:21+01:00\">21 de Janeiro, 2026<\/time><\/div><\/div><\/div>\n\n<\/li><\/ul><\/div>\n\n\n<p style=\"text-transform:capitalize;\" class=\"is-style-outline wp-block-tag-cloud\"><a href=\"https:\/\/aecolos.edu.gov.pt\/?tag=1o-ceb\" class=\"tag-cloud-link tag-link-67 tag-link-position-1\" style=\"font-size: 8pt;\" aria-label=\"1\u00ba CEB (11 itens)\">1\u00ba CEB<\/a>\n<a href=\"https:\/\/aecolos.edu.gov.pt\/?tag=2o-ceb\" class=\"tag-cloud-link tag-link-70 tag-link-position-2\" style=\"font-size: 8pt;\" aria-label=\"2\u00ba CEB (10 itens)\">2\u00ba CEB<\/a>\n<a href=\"https:\/\/aecolos.edu.gov.pt\/?tag=3o-ceb\" class=\"tag-cloud-link tag-link-69 tag-link-position-3\" style=\"font-size: 8pt;\" aria-label=\"3\u00ba CEB (12 itens)\">3\u00ba CEB<\/a>\n<a href=\"https:\/\/aecolos.edu.gov.pt\/?tag=be\" class=\"tag-cloud-link tag-link-64 tag-link-position-4\" style=\"font-size: 8pt;\" aria-label=\"BE (12 itens)\">BE<\/a>\n<a href=\"https:\/\/aecolos.edu.gov.pt\/?tag=concursos\" class=\"tag-cloud-link tag-link-102 tag-link-position-5\" style=\"font-size: 8pt;\" aria-label=\"concursos (2 itens)\">concursos<\/a>\n<a href=\"https:\/\/aecolos.edu.gov.pt\/?tag=concursos-avisos\" class=\"tag-cloud-link tag-link-103 tag-link-position-6\" style=\"font-size: 8pt;\" aria-label=\"concursos; avisos (11 itens)\">concursos; avisos<\/a>\n<a href=\"https:\/\/aecolos.edu.gov.pt\/?tag=j-i-de-colos\" class=\"tag-cloud-link tag-link-81 tag-link-position-7\" style=\"font-size: 8pt;\" aria-label=\"J.I. de Colos (3 itens)\">J.I. de Colos<\/a>\n<a href=\"https:\/\/aecolos.edu.gov.pt\/?tag=ji-sao-martinho-das-amoreiras\" class=\"tag-cloud-link tag-link-80 tag-link-position-8\" style=\"font-size: 8pt;\" aria-label=\"JI S\u00e3o Martinho das Amoreiras (7 itens)\">JI S\u00e3o Martinho das Amoreiras<\/a>\n<a href=\"https:\/\/aecolos.edu.gov.pt\/?tag=one-billion-rising\" class=\"tag-cloud-link tag-link-82 tag-link-position-9\" style=\"font-size: 8pt;\" aria-label=\"One Billion Rising (2 itens)\">One Billion Rising<\/a>\n<a href=\"https:\/\/aecolos.edu.gov.pt\/?tag=pre-escolar\" class=\"tag-cloud-link tag-link-66 tag-link-position-10\" style=\"font-size: 8pt;\" aria-label=\"pr\u00e9-escolar (9 itens)\">pr\u00e9-escolar<\/a><\/p>\n\n\n<p><\/p>\n","protected":false},"excerpt":{"rendered":"<p>Avisos Importantes \u00daltimas Not\u00edcias<\/p>\n","protected":false},"author":1,"featured_media":0,"parent":0,"menu_order":0,"comment_status":"closed","ping_status":"closed","template":"","meta":{"pgc_sgb_lightbox_settings":"","footnotes":""},"class_list":["post-2217","page","type-page","status-publish","hentry"],"_links":{"self":[{"href":"https:\/\/aecolos.edu.gov.pt\/index.php?rest_route=\/wp\/v2\/pages\/2217","targetHints":{"allow":["GET"]}}],"collection":[{"href":"https:\/\/aecolos.edu.gov.pt\/index.php?rest_route=\/wp\/v2\/pages"}],"about":[{"href":"https:\/\/aecolos.edu.gov.pt\/index.php?rest_route=\/wp\/v2\/types\/page"}],"author":[{"embeddable":true,"href":"https:\/\/aecolos.edu.gov.pt\/index.php?rest_route=\/wp\/v2\/users\/1"}],"replies":[{"embeddable":true,"href":"https:\/\/aecolos.edu.gov.pt\/index.php?rest_route=%2Fwp%2Fv2%2Fcomments&post=2217"}],"version-history":[{"count":33,"href":"https:\/\/aecolos.edu.gov.pt\/index.php?rest_route=\/wp\/v2\/pages\/2217\/revisions"}],"predecessor-version":[{"id":3584,"href":"https:\/\/aecolos.edu.gov.pt\/index.php?rest_route=\/wp\/v2\/pages\/2217\/revisions\/3584"}],"wp:attachment":[{"href":"https:\/\/aecolos.edu.gov.pt\/index.php?rest_route=%2Fwp%2Fv2%2Fmedia&parent=2217"}],"curies":[{"name":"wp","href":"https:\/\/api.w.org\/{rel}","templated":true}]}}