{"id":1810,"date":"2024-10-28T14:26:18","date_gmt":"2024-10-28T14:26:18","guid":{"rendered":"https:\/\/aecolos.edu.gov.pt\/?page_id=1810"},"modified":"2025-04-03T11:55:30","modified_gmt":"2025-04-03T11:55:30","slug":"outros-documentos","status":"publish","type":"page","link":"https:\/\/aecolos.edu.gov.pt\/?page_id=1810","title":{"rendered":"Outros documentos"},"content":{"rendered":"\n<h3 class=\"wp-block-heading\">DOCUMENTO REGULADORES INTERNOS<\/h3>\n\n\n\n<figure class=\"wp-block-table is-style-stripes\"><table class=\"has-fixed-layout\"><tbody><tr><td class=\"has-text-align-center\" data-align=\"center\"><a href=\"https:\/\/aecolos.edu.gov.pt\/wp-content\/uploads\/2025\/01\/Regulamento-Interno-Final-20.01.2025.pdf\" target=\"_blank\" rel=\"noreferrer noopener\">Regulamento Interno<\/a><\/td><td class=\"has-text-align-center\" data-align=\"center\"><strong><a href=\"https:\/\/aecolos.edu.gov.pt\/wp-content\/uploads\/2024\/10\/calendario20242025.pdf\" target=\"_blank\" rel=\"noreferrer noopener\">Calend\u00e1rio Escolar 2024\/2025<\/a><\/strong><\/td><\/tr><tr><td class=\"has-text-align-center\" data-align=\"center\"><a href=\"https:\/\/aecolos.edu.gov.pt\/wp-content\/uploads\/2025\/01\/Regulamento-Interno-Final-20.01.2025.pdf\" target=\"_blank\" rel=\"noreferrer noopener\"><img decoding=\"async\" src=\"https:\/\/aecolos.edu.gov.pt\/wp-content\/uploads\/2024\/10\/image-4.png\" alt=\"\"><\/a><\/td><td class=\"has-text-align-center\" data-align=\"center\"><a href=\"https:\/\/aecolos.edu.gov.pt\/wp-content\/uploads\/2024\/10\/calendario20242025.pdf\" target=\"_blank\" rel=\"noreferrer noopener\"><img decoding=\"async\" src=\"https:\/\/aecolos.edu.gov.pt\/wp-content\/uploads\/2024\/10\/image-4.png\" alt=\"\"><\/a><\/td><\/tr><\/tbody><\/table><\/figure>\n\n\n\n<p><\/p>\n\n\n\n<h3 class=\"wp-block-heading\">DOCUMENTOS REGULADORES <\/h3>\n\n\n\n<figure class=\"wp-block-table is-style-stripes\"><table class=\"has-fixed-layout\"><tbody><tr><td class=\"has-text-align-center\" data-align=\"center\"><strong><a href=\"https:\/\/dge.mec.pt\/sites\/default\/files\/Curriculo\/Projeto_Autonomia_e_Flexibilidade\/perfil_dos_alunos.pdf\" target=\"_blank\" rel=\"noreferrer noopener\">Perfil dos Alunos \u00e0 sa\u00edda da escolaridade obrigat\u00f3ria<\/a><\/strong><\/td><td class=\"has-text-align-center\" data-align=\"center\"><strong><a href=\"https:\/\/files.dre.pt\/1s\/2012\/09\/17200\/0510305119.pdf\" target=\"_blank\" rel=\"noreferrer noopener\">Estatuto do Aluno<\/a><\/strong><\/td><\/tr><tr><td class=\"has-text-align-center\" data-align=\"center\"><a href=\"https:\/\/dge.mec.pt\/sites\/default\/files\/Curriculo\/Projeto_Autonomia_e_Flexibilidade\/perfil_dos_alunos.pdf\" target=\"_blank\" rel=\"noreferrer noopener\"><img decoding=\"async\" src=\"https:\/\/aecolos.edu.gov.pt\/wp-content\/uploads\/2024\/10\/image-4.png\" alt=\"\"><\/a><\/td><td class=\"has-text-align-center\" data-align=\"center\"><a href=\"https:\/\/files.dre.pt\/1s\/2012\/09\/17200\/0510305119.pdf\" target=\"_blank\" rel=\"noreferrer noopener\"><img decoding=\"async\" src=\"https:\/\/aecolos.edu.gov.pt\/wp-content\/uploads\/2024\/10\/image-4.png\" alt=\"\"><\/a><\/td><\/tr><\/tbody><\/table><\/figure>\n\n\n\n<p><\/p>\n\n\n\n<h3 class=\"wp-block-heading\">LEGISLA\u00c7\u00c3O<\/h3>\n\n\n\n<figure class=\"wp-block-table is-style-stripes\"><table class=\"has-fixed-layout\"><tbody><tr><td class=\"has-text-align-center\" data-align=\"center\"><strong>DL 54\/2018 &#8211;&nbsp;<a href=\"http:\/\/www.dge.mec.pt\/sites\/default\/files\/Curriculo\/AFC\/dl_54-2018_6_julho.pdf\" target=\"_blank\" rel=\"noreferrer noopener\">Educa\u00e7\u00e3o Inclusiva<\/a><\/strong><\/td><td class=\"has-text-align-center\" data-align=\"center\"><strong><strong>DL 55\/2018 &#8211;&nbsp;<a href=\"http:\/\/www.dge.mec.pt\/sites\/default\/files\/Curriculo\/AFC\/dl_55_2018_afc.pdf\" target=\"_blank\" rel=\"noreferrer noopener\">Curr\u00edculos dos Ensino B\u00e1sico e Secund\u00e1rio<\/a><\/strong><\/strong><\/td><\/tr><tr><td class=\"has-text-align-center\" data-align=\"center\"><a href=\"https:\/\/www.dge.mec.pt\/sites\/default\/files\/Curriculo\/AFC\/dl_54-2018_6_julho.pdf\" target=\"_blank\" rel=\"noreferrer noopener\"><img decoding=\"async\" src=\"https:\/\/aecolos.edu.gov.pt\/wp-content\/uploads\/2024\/10\/image-4.png\" alt=\"\"><\/a><\/td><td class=\"has-text-align-center\" data-align=\"center\"><a href=\"http:\/\/www.dge.mec.pt\/sites\/default\/files\/Curriculo\/AFC\/dl_55_2018_afc.pdf\" target=\"_blank\" rel=\"noreferrer noopener\"><img decoding=\"async\" src=\"https:\/\/aecolos.edu.gov.pt\/wp-content\/uploads\/2024\/10\/image-4.png\" alt=\"\"><\/a><\/td><\/tr><\/tbody><\/table><\/figure>\n\n\n\n<figure class=\"wp-block-table is-style-stripes\"><table class=\"has-fixed-layout\"><tbody><tr><td class=\"has-text-align-center\" data-align=\"center\"><strong>DL 139\/2012 &#8211;&nbsp;<a href=\"http:\/\/www.dge.mec.pt\/sites\/default\/files\/Basico\/Legislacao\/dl_139_2012.pdf\" target=\"_blank\" rel=\"noreferrer noopener\">Revis\u00e3o da Estrutura Curricular nos Ensinos B\u00e1sico e Secund\u00e1rio<\/a><\/strong><\/td><td class=\"has-text-align-center\" data-align=\"center\"><strong>Despacho n\u00ba 6944-A\/20218 &#8211;<\/strong> <strong><strong><a href=\"https:\/\/www.dge.mec.pt\/aprendizagens-essenciais-ensino-basico\" target=\"_blank\" rel=\"noreferrer noopener\">Aprendizagens Essenciais no Ensino B\u00e1sico<\/a><\/strong><\/strong><\/td><\/tr><tr><td class=\"has-text-align-center\" data-align=\"center\"><a href=\"http:\/\/www.dge.mec.pt\/sites\/default\/files\/Basico\/Legislacao\/dl_139_2012.pdf\" target=\"_blank\" rel=\"noreferrer noopener\"><img decoding=\"async\" src=\"https:\/\/aecolos.edu.gov.pt\/wp-content\/uploads\/2024\/10\/image-4.png\" alt=\"\"><\/a><\/td><td class=\"has-text-align-center\" data-align=\"center\"><a href=\"https:\/\/www.dge.mec.pt\/aprendizagens-essenciais-ensino-basico\" target=\"_blank\" rel=\"noreferrer noopener\"><img decoding=\"async\" src=\"https:\/\/aecolos.edu.gov.pt\/wp-content\/uploads\/2024\/10\/image-4.png\" alt=\"\"><\/a><\/td><\/tr><\/tbody><\/table><\/figure>\n\n\n\n<p><\/p>\n\n\n\n<p><\/p>\n\n\n\n<figure class=\"wp-block-table is-style-stripes\"><table class=\"has-fixed-layout\"><tbody><tr><td class=\"has-text-align-center\" data-align=\"center\"><strong>DGE &#8211;<\/strong> <strong><a href=\"http:\/\/www.dge.mec.pt\/legislacao#rec\" target=\"_blank\" rel=\"noreferrer noopener\"><strong>LEGISLA\u00c7\u00c3O GERAL SOBRE EDUCA\u00c7\u00c3O<\/strong><\/a><\/strong><\/td><td class=\"has-text-align-center\" data-align=\"center\"><\/td><\/tr><tr><td class=\"has-text-align-center\" data-align=\"center\"><a href=\"http:\/\/www.dge.mec.pt\/legislacao#rec\"><img decoding=\"async\" src=\"https:\/\/aecolos.edu.gov.pt\/wp-content\/uploads\/2024\/10\/image-4.png\" alt=\"\"><\/a><\/td><td class=\"has-text-align-center\" data-align=\"center\"><\/td><\/tr><\/tbody><\/table><\/figure>\n\n\n\n<p><\/p>\n","protected":false},"excerpt":{"rendered":"<p>DOCUMENTO REGULADORES INTERNOS Regulamento Interno Calend\u00e1rio Escolar 2024\/2025 DOCUMENTOS REGULADORES Perfil dos Alunos \u00e0 sa\u00edda da escolaridade obrigat\u00f3ria Estatuto do Aluno LEGISLA\u00c7\u00c3O DL 54\/2018 &#8211;&nbsp;Educa\u00e7\u00e3o Inclusiva DL 55\/2018 &#8211;&nbsp;Curr\u00edculos dos &#8230;<\/p>\n","protected":false},"author":3,"featured_media":0,"parent":0,"menu_order":0,"comment_status":"closed","ping_status":"closed","template":"","meta":{"pgc_sgb_lightbox_settings":"","footnotes":""},"class_list":["post-1810","page","type-page","status-publish","hentry"],"_links":{"self":[{"href":"https:\/\/aecolos.edu.gov.pt\/index.php?rest_route=\/wp\/v2\/pages\/1810","targetHints":{"allow":["GET"]}}],"collection":[{"href":"https:\/\/aecolos.edu.gov.pt\/index.php?rest_route=\/wp\/v2\/pages"}],"about":[{"href":"https:\/\/aecolos.edu.gov.pt\/index.php?rest_route=\/wp\/v2\/types\/page"}],"author":[{"embeddable":true,"href":"https:\/\/aecolos.edu.gov.pt\/index.php?rest_route=\/wp\/v2\/users\/3"}],"replies":[{"embeddable":true,"href":"https:\/\/aecolos.edu.gov.pt\/index.php?rest_route=%2Fwp%2Fv2%2Fcomments&post=1810"}],"version-history":[{"count":16,"href":"https:\/\/aecolos.edu.gov.pt\/index.php?rest_route=\/wp\/v2\/pages\/1810\/revisions"}],"predecessor-version":[{"id":2933,"href":"https:\/\/aecolos.edu.gov.pt\/index.php?rest_route=\/wp\/v2\/pages\/1810\/revisions\/2933"}],"wp:attachment":[{"href":"https:\/\/aecolos.edu.gov.pt\/index.php?rest_route=%2Fwp%2Fv2%2Fmedia&parent=1810"}],"curies":[{"name":"wp","href":"https:\/\/api.w.org\/{rel}","templated":true}]}}