{"id":1669,"date":"2024-10-28T09:35:01","date_gmt":"2024-10-28T09:35:01","guid":{"rendered":"https:\/\/aecolos.edu.gov.pt\/?page_id=1669"},"modified":"2024-10-28T10:38:03","modified_gmt":"2024-10-28T10:38:03","slug":"oferta-formativa","status":"publish","type":"page","link":"https:\/\/aecolos.edu.gov.pt\/?page_id=1669","title":{"rendered":"Oferta formativa"},"content":{"rendered":"\n<p class=\"has-text-align-center\">O Agrupamento apresenta uma&nbsp;oferta formativa&nbsp;diversificada, voltada para a interculturalidade e a interdisciplinaridade. O nosso Projeto Educativo direciona-se para o alcan\u00e7ar do sucesso escolar, com base numa pr\u00e1tica que envolva o trabalho de grupo, o esp\u00edrito de equipa e o envolvimento dos aspetos culturais da regi\u00e3o.<\/p>\n\n\n\n<p class=\"has-text-align-center\">Estamos no mapa do Plano Nacional das Artes e elabor\u00e1mos o nosso pr\u00f3prio Projeto Cultural de Escola, que se desenvolve anualmente no \u00e2mbito dos Projetos Educativo e Curricular do Agrupamento. <\/p>\n\n\n\n<p class=\"has-text-align-center\">A oferta educativa do Agrupamento inclui a Educa\u00e7\u00e3o Pr\u00e9-escolar, o 1\u00ba, 2\u00ba e 3\u00ba ciclos. Al\u00e9m da componente base, o Agrupamento ainda oferece aulas de apoio educativo, tutorias e apoio psicol\u00f3gico (SPO). A nossa oferta educativa apresenta as seguintes val\u00eancias:<\/p>\n\n\n\n<figure class=\"wp-block-table is-style-regular\"><table class=\"has-fixed-layout\"><tbody><tr><td class=\"has-text-align-center\" data-align=\"center\"><strong>N\u00edvel<\/strong><\/td><td class=\"has-text-align-center\" data-align=\"center\"><strong>Oferta Base<\/strong><\/td><td class=\"has-text-align-center\" data-align=\"center\"><strong>L\u00edngua Estrangeira<\/strong><\/td><td class=\"has-text-align-center\" data-align=\"center\"><strong>Ofertas de Escola<\/strong><\/td><td class=\"has-text-align-center\" data-align=\"center\"><strong>Clubes &amp; Projetos<\/strong><\/td><\/tr><tr><td class=\"has-text-align-center\" data-align=\"center\">Pr\u00e9-Escolar<br><br>1\u00ba Ciclo<br><br><br>2\u00ba Ciclo<br><br><br>3\u00ba Ciclo<br><\/td><td class=\"has-text-align-center\" data-align=\"center\">Ensino Pr\u00e9-Escolar<br><br>Curr\u00edculo Nacional para o 1\u00ba ciclo<br><br>Curr\u00edculo Nacional para o 2\u00ba ciclo<br><br>Curr\u00edculo Nacional para o 3\u00ba ciclo<\/td><td class=\"has-text-align-center\" data-align=\"center\"><br><br><br>(1)LE I &#8211; Ingl\u00eas 3\u00ba e 4\u00ba anos<br><br>LE I &#8211; Ingl\u00eas<br><br><br>LE I &#8211; Ingl\u00eas<br>LE II &#8211; Espanhol<br><\/td><td class=\"has-text-align-center\" data-align=\"center\"><br><br><br><br><br>Ensino Articulado da M\u00fasica<br>(5) Sala de Estudo<\/td><td class=\"has-text-align-center\" data-align=\"center\">EPIS<br>Desporto Escolar<br>Eco-Escolas<br>Prog. Educ. Sa\u00fade<br>Plano Nacional das Artes<br>Clube da Prote\u00e7\u00e3o Civil<br>Clube Ci\u00eancia Viva<br>Erasmus<\/td><\/tr><\/tbody><\/table><\/figure>\n\n\n\n<p>Notas:<\/p>\n\n\n\n<p>(1) LE &#8211; L\u00edngua Estrageira<\/p>\n\n\n\n<p>*PLNM &#8211; Portugu\u00eas L\u00edngua N\u00e3o Materna (todos os ciclos)<\/p>\n\n\n\n<p>(5)&nbsp;\u00c1rea de desenvolvimento de organiza\u00e7\u00e3o, h\u00e1bitos e m\u00e9todos de trabalho e estudo;<\/p>\n\n\n\n<p class=\"has-text-align-center\">O nosso Agrupamento oferece ainda uma outra val\u00eancia, prevista na legisla\u00e7\u00e3o portuguesa, que se trata do apoio, monitoriza\u00e7\u00e3o e aferi\u00e7\u00e3o de alunos que se encontram em regime de\u00a0<a href=\"https:\/\/aecolos.edu.gov.pt\/?page_id=1694\" data-type=\"page\" data-id=\"1694\">Ensino Dom\u00e9stico ou Individual<\/a>. Estes alunos trabalham fora da escola, sob a orienta\u00e7\u00e3o de um Respons\u00e1vel Educativo, e terminam cada ciclo de ensino com a realiza\u00e7\u00e3o de uma prova de avalia\u00e7\u00e3o, na escola, que confirma as suas aprendizagens e o desenvolvimento das novas capacidades.\u00a0<\/p>\n\n\n\n<p class=\"has-text-align-center\">Ao longo de cada ano letivo, os alunos s\u00e3o monitorizados e orientados por uma Tutora do Ensino Dom\u00e9stico e Individual, docente da escola sede, que confere o percurso dos alunos, equiparando-o aos do Ensino Regular.<\/p>\n","protected":false},"excerpt":{"rendered":"<p>O Agrupamento apresenta uma&nbsp;oferta formativa&nbsp;diversificada, voltada para a interculturalidade e a interdisciplinaridade. O nosso Projeto Educativo direciona-se para o alcan\u00e7ar do sucesso escolar, com base numa pr\u00e1tica que envolva o &#8230;<\/p>\n","protected":false},"author":3,"featured_media":0,"parent":0,"menu_order":0,"comment_status":"closed","ping_status":"closed","template":"","meta":{"pgc_sgb_lightbox_settings":"","footnotes":""},"class_list":["post-1669","page","type-page","status-publish","hentry"],"_links":{"self":[{"href":"https:\/\/aecolos.edu.gov.pt\/index.php?rest_route=\/wp\/v2\/pages\/1669","targetHints":{"allow":["GET"]}}],"collection":[{"href":"https:\/\/aecolos.edu.gov.pt\/index.php?rest_route=\/wp\/v2\/pages"}],"about":[{"href":"https:\/\/aecolos.edu.gov.pt\/index.php?rest_route=\/wp\/v2\/types\/page"}],"author":[{"embeddable":true,"href":"https:\/\/aecolos.edu.gov.pt\/index.php?rest_route=\/wp\/v2\/users\/3"}],"replies":[{"embeddable":true,"href":"https:\/\/aecolos.edu.gov.pt\/index.php?rest_route=%2Fwp%2Fv2%2Fcomments&post=1669"}],"version-history":[{"count":6,"href":"https:\/\/aecolos.edu.gov.pt\/index.php?rest_route=\/wp\/v2\/pages\/1669\/revisions"}],"predecessor-version":[{"id":1698,"href":"https:\/\/aecolos.edu.gov.pt\/index.php?rest_route=\/wp\/v2\/pages\/1669\/revisions\/1698"}],"wp:attachment":[{"href":"https:\/\/aecolos.edu.gov.pt\/index.php?rest_route=%2Fwp%2Fv2%2Fmedia&parent=1669"}],"curies":[{"name":"wp","href":"https:\/\/api.w.org\/{rel}","templated":true}]}}