{"id":1245,"date":"2016-10-05T09:12:09","date_gmt":"2016-10-05T09:12:09","guid":{"rendered":"http:\/\/demos.famethemes.com\/onepress\/?page_id=1245"},"modified":"2024-10-28T14:28:15","modified_gmt":"2024-10-28T14:28:15","slug":"gallery","status":"publish","type":"page","link":"https:\/\/aecolos.edu.gov.pt\/?page_id=1245","title":{"rendered":"Projetos"},"content":{"rendered":"\n<div class=\"wp-block-columns is-layout-flex wp-container-core-columns-is-layout-9d6595d7 wp-block-columns-is-layout-flex\">\n<div class=\"wp-block-column is-layout-flow wp-block-column-is-layout-flow\" style=\"flex-basis:100%\">\n<div class=\"wp-block-group is-layout-grid wp-container-core-group-is-layout-913ef84a wp-block-group-is-layout-grid\">\n<div class=\"wp-block-media-text is-stacked-on-mobile is-vertically-aligned-center\" style=\"grid-template-columns:25% auto\"><figure class=\"wp-block-media-text__media\"><a href=\"https:\/\/ecoescolas.abaae.pt\/\" target=\"_blank\" rel=\"noreferrer noopener\"><img loading=\"lazy\" decoding=\"async\" width=\"150\" height=\"150\" src=\"https:\/\/aecolos.edu.gov.pt\/wp-content\/uploads\/2024\/10\/ecoescolas-150x150.jpeg\" alt=\"\" class=\"wp-image-1747 size-thumbnail\"\/><\/a><\/figure><div class=\"wp-block-media-text__content\">\n<div class=\"wp-block-group is-vertical is-layout-flex wp-container-core-group-is-layout-8cf370e7 wp-block-group-is-layout-flex\">\n<p class=\"has-text-align-center\" style=\"font-size:12px\"><strong><a href=\"https:\/\/ecoescolas.abaae.pt\/\" target=\"_blank\" rel=\"noreferrer noopener\">Eco-Escolas<\/a><\/strong> <\/p>\n\n\n\n<p class=\"has-text-align-left\" style=\"font-size:12px\"><em>&#8220;Programa internacional da \u201cFoundation for Environmental Education\u201d, desenvolvido em Portugal desde 1996 pela ABAE (atualmente designada ABAAE \u2013 Associa\u00e7\u00e3o Bandeira Azul de Ambiente e Educa\u00e7\u00e3o). Pretende encorajar a\u00e7\u00f5es e reconhecer o trabalho de qualidade desenvolvido pela escola, no \u00e2mbito da Educa\u00e7\u00e3o Ambiental para a Sustentabilidade.&#8221;<\/em><\/p>\n<\/div>\n<\/div><\/div>\n\n\n\n<div class=\"wp-block-media-text is-stacked-on-mobile is-vertically-aligned-center\" style=\"grid-template-columns:25% auto\"><figure class=\"wp-block-media-text__media\"><a href=\"https:\/\/www.dge.mec.pt\/sites\/default\/files\/Projetos\/PNA\/Documentos\/estrategia_do_plano_nacional_das_artes_2019-2024.pdf\" target=\"_blank\" rel=\"noreferrer noopener\"><img loading=\"lazy\" decoding=\"async\" width=\"401\" height=\"393\" src=\"https:\/\/aecolos.edu.gov.pt\/wp-content\/uploads\/2024\/10\/logo_pna_preto.png\" alt=\"\" class=\"wp-image-1761 size-thumbnail\" srcset=\"https:\/\/aecolos.edu.gov.pt\/wp-content\/uploads\/2024\/10\/logo_pna_preto.png 401w, https:\/\/aecolos.edu.gov.pt\/wp-content\/uploads\/2024\/10\/logo_pna_preto-300x294.png 300w\" sizes=\"auto, (max-width: 401px) 100vw, 401px\" \/><\/a><\/figure><div class=\"wp-block-media-text__content\">\n<div class=\"wp-block-group is-vertical is-layout-flex wp-container-core-group-is-layout-8cf370e7 wp-block-group-is-layout-flex\">\n<p class=\"has-text-align-left\" style=\"font-size:12px\"><a href=\"https:\/\/www.dge.mec.pt\/sites\/default\/files\/Projetos\/PNA\/Documentos\/estrategia_do_plano_nacional_das_artes_2019-2024.pdf\" target=\"_blank\" rel=\"noreferrer noopener\"><strong>Plano Nacional das Artes <\/strong>(PNA)<\/a> &#8211; <strong>Projeto Cultural de Escola<\/strong> <\/p>\n\n\n\n<p class=\"has-text-align-left\" style=\"font-size:12px\"><em>&#8220;Tem como objetivo tornar as artes mais acess\u00edveis aos cidad\u00e3os, em particular \u00e0s crian\u00e7as e aos jovens, atrav\u00e9s da comunidade educativa, promovendo a participa\u00e7\u00e3o, frui\u00e7\u00e3o e cria\u00e7\u00e3o cultural, numa l\u00f3gica de inclus\u00e3o e aprendizagem ao longo da vida. Pretende incentivar o compromisso cultural das comunidades e organiza\u00e7\u00f5es e desenvolver redes de colabora\u00e7\u00e3o e parcerias com entidades p\u00fablicas e privadas(&#8230;)&#8221;<\/em><\/p>\n\n\n\n<div class=\"wp-block-buttons is-layout-flex wp-block-buttons-is-layout-flex\">\n<div class=\"wp-block-button has-custom-width wp-block-button__width-100 has-custom-font-size is-style-fill\" style=\"font-size:14px\"><a class=\"wp-block-button__link has-text-align-center wp-element-button\" href=\"https:\/\/aecolos.edu.gov.pt\/?page_id=1789\">Projeto Cultural de Escola<\/a><\/div>\n<\/div>\n<\/div>\n<\/div><\/div>\n<\/div>\n<\/div>\n<\/div>\n\n\n\n<div class=\"wp-block-columns is-layout-flex wp-container-core-columns-is-layout-9d6595d7 wp-block-columns-is-layout-flex\">\n<div class=\"wp-block-column is-layout-flow wp-block-column-is-layout-flow\" style=\"flex-basis:100%\">\n<div class=\"wp-block-group is-layout-grid wp-container-core-group-is-layout-913ef84a wp-block-group-is-layout-grid\">\n<div class=\"wp-block-media-text is-stacked-on-mobile is-vertically-aligned-center\" style=\"grid-template-columns:25% auto\"><figure class=\"wp-block-media-text__media\"><a href=\"https:\/\/www.electrao.pt\/campanhas\/escola-electrao\/\" target=\"_blank\" rel=\"noreferrer noopener\"><img loading=\"lazy\" decoding=\"async\" width=\"1024\" height=\"465\" src=\"https:\/\/aecolos.edu.gov.pt\/wp-content\/uploads\/2024\/10\/logoescolaeletrao-1024x465.jpg\" alt=\"\" class=\"wp-image-1767 size-thumbnail\" srcset=\"https:\/\/aecolos.edu.gov.pt\/wp-content\/uploads\/2024\/10\/logoescolaeletrao-1024x465.jpg 1024w, https:\/\/aecolos.edu.gov.pt\/wp-content\/uploads\/2024\/10\/logoescolaeletrao-300x136.jpg 300w, https:\/\/aecolos.edu.gov.pt\/wp-content\/uploads\/2024\/10\/logoescolaeletrao-768x349.jpg 768w, https:\/\/aecolos.edu.gov.pt\/wp-content\/uploads\/2024\/10\/logoescolaeletrao.jpg 1353w\" sizes=\"auto, (max-width: 1024px) 100vw, 1024px\" \/><\/a><\/figure><div class=\"wp-block-media-text__content\">\n<div class=\"wp-block-group is-vertical is-layout-flex wp-container-core-group-is-layout-8cf370e7 wp-block-group-is-layout-flex\">\n<p class=\"has-text-align-center\" style=\"font-size:12px\"><strong><a href=\"https:\/\/www.electrao.pt\/campanhas\/escola-electrao\/\" target=\"_blank\" rel=\"noreferrer noopener\">Escola Eletr\u00e3o<\/a><\/strong><\/p>\n\n\n\n<p class=\"has-text-align-left\" style=\"font-size:12px\"><em>&#8220;A Escola Electr\u00e3o \u00e9 um projecto do Electr\u00e3o que tem por objectivo sensibilizar e envolver professores, alunos, funcion\u00e1rios, pais e a comunidade em geral, no esfor\u00e7o da reciclagem, com a recolha de equipamentos el\u00e9ctricos e pilhas usadas.Para al\u00e9m de contribu\u00edrem para a protec\u00e7\u00e3o do ambiente, as escolas, os professores e os alunos envolvidos podem receber pr\u00e9mios.&#8221;<\/em><\/p>\n<\/div>\n<\/div><\/div>\n\n\n\n<div class=\"wp-block-media-text is-stacked-on-mobile is-vertically-aligned-center\" style=\"grid-template-columns:25% auto\"><figure class=\"wp-block-media-text__media\"><a href=\"https:\/\/erasmus-plus.ec.europa.eu\/pt-pt\" target=\"_blank\" rel=\"noreferrer noopener\"><img loading=\"lazy\" decoding=\"async\" width=\"1024\" height=\"233\" src=\"https:\/\/aecolos.edu.gov.pt\/wp-content\/uploads\/2024\/10\/erasmus-logo-1024x233.jpg\" alt=\"\" class=\"wp-image-1770 size-thumbnail\" srcset=\"https:\/\/aecolos.edu.gov.pt\/wp-content\/uploads\/2024\/10\/erasmus-logo-1024x233.jpg 1024w, https:\/\/aecolos.edu.gov.pt\/wp-content\/uploads\/2024\/10\/erasmus-logo-300x68.jpg 300w, https:\/\/aecolos.edu.gov.pt\/wp-content\/uploads\/2024\/10\/erasmus-logo-768x175.jpg 768w, https:\/\/aecolos.edu.gov.pt\/wp-content\/uploads\/2024\/10\/erasmus-logo-1536x349.jpg 1536w, https:\/\/aecolos.edu.gov.pt\/wp-content\/uploads\/2024\/10\/erasmus-logo-2048x466.jpg 2048w\" sizes=\"auto, (max-width: 1024px) 100vw, 1024px\" \/><\/a><\/figure><div class=\"wp-block-media-text__content\">\n<div class=\"wp-block-group is-vertical is-layout-flex wp-container-core-group-is-layout-8cf370e7 wp-block-group-is-layout-flex\">\n<p class=\"has-text-align-center\" style=\"font-size:12px\"><strong><a href=\"https:\/\/erasmus-plus.ec.europa.eu\/pt-pt\" target=\"_blank\" rel=\"noreferrer noopener\">Erasmus +<\/a><\/strong> <\/p>\n\n\n\n<p class=\"has-text-align-left\" style=\"font-size:12px\"><em>&#8220;O Erasmus+ \u00e9 o programa da UE de apoio \u00e0 educa\u00e7\u00e3o, \u00e0 forma\u00e7\u00e3o, \u00e0 juventude e ao desporto na Europa.&#8221;<\/em><\/p>\n\n\n\n<div class=\"wp-block-buttons is-layout-flex wp-block-buttons-is-layout-flex\">\n<div class=\"wp-block-button has-custom-font-size\" style=\"font-size:14px\"><a class=\"wp-block-button__link wp-element-button\">Projeto Eramus no AE de Colos<\/a><\/div>\n<\/div>\n<\/div>\n<\/div><\/div>\n<\/div>\n<\/div>\n<\/div>\n\n\n\n<div class=\"wp-block-columns is-layout-flex wp-container-core-columns-is-layout-9d6595d7 wp-block-columns-is-layout-flex\">\n<div class=\"wp-block-column is-layout-flow wp-block-column-is-layout-flow\" style=\"flex-basis:100%\">\n<div class=\"wp-block-group is-layout-grid wp-container-core-group-is-layout-913ef84a wp-block-group-is-layout-grid\">\n<div class=\"wp-block-media-text is-stacked-on-mobile is-vertically-aligned-center\" style=\"grid-template-columns:25% auto\"><figure class=\"wp-block-media-text__media\"><a href=\"https:\/\/www.cienciaviva.pt\/\" target=\"_blank\" rel=\"noreferrer noopener\"><img loading=\"lazy\" decoding=\"async\" width=\"1024\" height=\"530\" src=\"https:\/\/aecolos.edu.gov.pt\/wp-content\/uploads\/2024\/10\/ccv-logo-1024x530.jpg\" alt=\"\" class=\"wp-image-1776 size-thumbnail\" srcset=\"https:\/\/aecolos.edu.gov.pt\/wp-content\/uploads\/2024\/10\/ccv-logo-1024x530.jpg 1024w, https:\/\/aecolos.edu.gov.pt\/wp-content\/uploads\/2024\/10\/ccv-logo-300x155.jpg 300w, https:\/\/aecolos.edu.gov.pt\/wp-content\/uploads\/2024\/10\/ccv-logo-768x397.jpg 768w, https:\/\/aecolos.edu.gov.pt\/wp-content\/uploads\/2024\/10\/ccv-logo.jpg 1212w\" sizes=\"auto, (max-width: 1024px) 100vw, 1024px\" \/><\/a><\/figure><div class=\"wp-block-media-text__content\">\n<div class=\"wp-block-group is-vertical is-layout-flex wp-container-core-group-is-layout-8cf370e7 wp-block-group-is-layout-flex\">\n<p class=\"has-text-align-center\" style=\"font-size:12px\"><strong><a href=\"https:\/\/www.cienciaviva.pt\/\" target=\"_blank\" rel=\"noreferrer noopener\">Clube Ci\u00eancia Viva<\/a><\/strong><\/p>\n\n\n\n<p class=\"has-text-align-left\" style=\"font-size:12px\"><em>&#8220;Os Clubes Ci\u00eancia Viva na Escola assentam num conceito din\u00e2mico e plural, enquanto estruturas de ci\u00eancia e conhecimento adaptadas \u00e0s caracter\u00edsticas espec\u00edficas das organiza\u00e7\u00f5es parceiras que as constituem e do meio social e cultural em que se inserem.&#8221;<\/em><\/p>\n<\/div>\n<\/div><\/div>\n\n\n\n<div class=\"wp-block-media-text is-stacked-on-mobile is-vertically-aligned-center\" style=\"grid-template-columns:25% auto\"><figure class=\"wp-block-media-text__media\"><a href=\"https:\/\/desportoescolar.dge.medu.pt\/\" target=\"_blank\" rel=\"noreferrer noopener\"><img loading=\"lazy\" decoding=\"async\" width=\"904\" height=\"604\" src=\"https:\/\/aecolos.edu.gov.pt\/wp-content\/uploads\/2024\/10\/logo-desporto-escolar-1.png\" alt=\"\" class=\"wp-image-1778 size-thumbnail\" srcset=\"https:\/\/aecolos.edu.gov.pt\/wp-content\/uploads\/2024\/10\/logo-desporto-escolar-1.png 904w, https:\/\/aecolos.edu.gov.pt\/wp-content\/uploads\/2024\/10\/logo-desporto-escolar-1-300x200.png 300w, https:\/\/aecolos.edu.gov.pt\/wp-content\/uploads\/2024\/10\/logo-desporto-escolar-1-768x513.png 768w\" sizes=\"auto, (max-width: 904px) 100vw, 904px\" \/><\/a><\/figure><div class=\"wp-block-media-text__content\">\n<div class=\"wp-block-group is-vertical is-layout-flex wp-container-core-group-is-layout-8cf370e7 wp-block-group-is-layout-flex\">\n<p class=\"has-text-align-center\" style=\"font-size:12px\"><a href=\"https:\/\/desportoescolar.dge.medu.pt\/\" target=\"_blank\" rel=\"noreferrer noopener\"><strong>Desporto Escolar<\/strong> <\/a>(DE)<\/p>\n\n\n\n<p class=\"has-text-align-left\" style=\"font-size:12px\"><em>&#8220;(&#8230;) atividade de complemento curricular, estando definido no Decreto-Lei n.\u00ba 95\/91, de 26 de fevereiro, na sua atual reda\u00e7\u00e3o, como o conjunto das pr\u00e1ticas l\u00fadico-desportivas e de forma\u00e7\u00e3o com objeto desportivo desenvolvidas como complemento curricular e ocupa\u00e7\u00e3o dos tempos livres, num regime de liberdade de participa\u00e7\u00e3o e de escolha, integradas no plano de atividade da escola e coordenadas no \u00e2mbito do sistema educativo (&#8230;)&#8221;<\/em><\/p>\n<\/div>\n<\/div><\/div>\n<\/div>\n<\/div>\n<\/div>\n\n\n\n<div class=\"wp-block-columns is-layout-flex wp-container-core-columns-is-layout-9d6595d7 wp-block-columns-is-layout-flex\">\n<div class=\"wp-block-column is-layout-flow wp-block-column-is-layout-flow\" style=\"flex-basis:100%\">\n<div class=\"wp-block-group is-layout-grid wp-container-core-group-is-layout-913ef84a wp-block-group-is-layout-grid\">\n<div class=\"wp-block-media-text is-stacked-on-mobile is-vertically-aligned-center\" style=\"grid-template-columns:25% auto\"><figure class=\"wp-block-media-text__media\"><a href=\"https:\/\/www.dge.mec.pt\/sites\/default\/files\/Esaude\/papes_doc.pdf\" target=\"_blank\" rel=\"noreferrer noopener\"><img loading=\"lazy\" decoding=\"async\" width=\"981\" height=\"411\" src=\"https:\/\/aecolos.edu.gov.pt\/wp-content\/uploads\/2024\/10\/logoPES.jpg\" alt=\"\" class=\"wp-image-1781 size-thumbnail\" srcset=\"https:\/\/aecolos.edu.gov.pt\/wp-content\/uploads\/2024\/10\/logoPES.jpg 981w, https:\/\/aecolos.edu.gov.pt\/wp-content\/uploads\/2024\/10\/logoPES-300x126.jpg 300w, https:\/\/aecolos.edu.gov.pt\/wp-content\/uploads\/2024\/10\/logoPES-768x322.jpg 768w\" sizes=\"auto, (max-width: 981px) 100vw, 981px\" \/><\/a><\/figure><div class=\"wp-block-media-text__content\">\n<div class=\"wp-block-group is-vertical is-layout-flex wp-container-core-group-is-layout-8cf370e7 wp-block-group-is-layout-flex\">\n<p class=\"has-text-align-left\" style=\"font-size:12px\"><strong><a href=\"https:\/\/www.dge.mec.pt\/sites\/default\/files\/Esaude\/papes_doc.pdf\" target=\"_blank\" rel=\"noreferrer noopener\">Programa de Apoio \u00e0 Promo\u00e7\u00e3o e Educa\u00e7\u00e3o para a Sa\u00fade (PES)<\/a><\/strong><\/p>\n\n\n\n<p class=\"has-text-align-left\" style=\"font-size:12px\">&#8220;(&#8230;) <em>um espa\u00e7o em que todos os membros da comunidade escolar trabalham, em conjunto, para proporcionar aos alunos, professores e funcion\u00e1rios, experi\u00eancias e estruturas integradas e positivas que promovam e protejam a sa\u00fade<\/em>\u201d.<\/p>\n<\/div>\n<\/div><\/div>\n\n\n\n<div class=\"wp-block-media-text is-stacked-on-mobile is-vertically-aligned-center\" style=\"grid-template-columns:25% auto\"><figure class=\"wp-block-media-text__media\"><a href=\"https:\/\/prociv.gov.pt\/pt\/documentacao\/clube-de-protecao-civil\/\" target=\"_blank\" rel=\"noreferrer noopener\"><img loading=\"lazy\" decoding=\"async\" width=\"250\" height=\"350\" src=\"https:\/\/aecolos.edu.gov.pt\/wp-content\/uploads\/2024\/10\/clube_protecao_civilLOGO.jpg\" alt=\"\" class=\"wp-image-1783 size-thumbnail\" srcset=\"https:\/\/aecolos.edu.gov.pt\/wp-content\/uploads\/2024\/10\/clube_protecao_civilLOGO.jpg 250w, https:\/\/aecolos.edu.gov.pt\/wp-content\/uploads\/2024\/10\/clube_protecao_civilLOGO-214x300.jpg 214w\" sizes=\"auto, (max-width: 250px) 100vw, 250px\" \/><\/a><\/figure><div class=\"wp-block-media-text__content\">\n<div class=\"wp-block-group is-vertical is-layout-flex wp-container-core-group-is-layout-8cf370e7 wp-block-group-is-layout-flex\">\n<p class=\"has-text-align-center\" style=\"font-size:12px\"><strong><a href=\"https:\/\/prociv.gov.pt\/pt\/documentacao\/clube-de-protecao-civil\/\" target=\"_blank\" rel=\"noreferrer noopener\">Clube Prote\u00e7\u00e3o Civil<\/a><\/strong><\/p>\n\n\n\n<p class=\"has-text-align-left\" style=\"font-size:12px\"><em>&#8220;Clube escolar de seguran\u00e7a e preven\u00e7\u00e3o de riscos naturais, tecnol\u00f3gicos<br>e mistos (&#8230;) propondo \u00e0s escolas do ensino b\u00e1sico um conjunto de recursos informativos e formativos que contribuam para a aquisi\u00e7\u00e3o de compet\u00eancias espec\u00edficas no quadro da prote\u00e7\u00e3o civil, em articula\u00e7\u00e3o com o&nbsp;<a href=\"https:\/\/prociv.gov.pt\/pt\/documentacao\/referencial-de-educacao-para-o-risco\/\" target=\"_blank\" rel=\"noreferrer noopener\">Referencial de Educa\u00e7\u00e3o para o Risco<\/a>, promovendo a\u00e7\u00f5es integradas neste dom\u00ednio.&#8221;<\/em><\/p>\n\n\n\n<div class=\"wp-block-buttons is-layout-flex wp-block-buttons-is-layout-flex\">\n<div class=\"wp-block-button has-custom-font-size\" style=\"font-size:14px\"><a class=\"wp-block-button__link wp-element-button\" href=\"https:\/\/prociv.gov.pt\/media\/2jkad3qf\/dossier-do-clube-de-prote%C3%A7%C3%A3o-civil-2017.pdf\" target=\"_blank\" rel=\"noreferrer noopener\">Projeto Clube Prote\u00e7\u00e3o Civil<\/a><\/div>\n<\/div>\n<\/div>\n<\/div><\/div>\n<\/div>\n<\/div>\n<\/div>\n\n\n\n<p><\/p>\n","protected":false},"excerpt":{"rendered":"<p>Eco-Escolas &#8220;Programa internacional da \u201cFoundation for Environmental Education\u201d, desenvolvido em Portugal desde 1996 pela ABAE (atualmente designada ABAAE \u2013 Associa\u00e7\u00e3o Bandeira Azul de Ambiente e Educa\u00e7\u00e3o). Pretende encorajar a\u00e7\u00f5es e &#8230;<\/p>\n","protected":false},"author":3,"featured_media":0,"parent":1416,"menu_order":0,"comment_status":"closed","ping_status":"closed","template":"","meta":{"pgc_sgb_lightbox_settings":"","footnotes":""},"class_list":["post-1245","page","type-page","status-publish","hentry"],"_links":{"self":[{"href":"https:\/\/aecolos.edu.gov.pt\/index.php?rest_route=\/wp\/v2\/pages\/1245","targetHints":{"allow":["GET"]}}],"collection":[{"href":"https:\/\/aecolos.edu.gov.pt\/index.php?rest_route=\/wp\/v2\/pages"}],"about":[{"href":"https:\/\/aecolos.edu.gov.pt\/index.php?rest_route=\/wp\/v2\/types\/page"}],"author":[{"embeddable":true,"href":"https:\/\/aecolos.edu.gov.pt\/index.php?rest_route=\/wp\/v2\/users\/3"}],"replies":[{"embeddable":true,"href":"https:\/\/aecolos.edu.gov.pt\/index.php?rest_route=%2Fwp%2Fv2%2Fcomments&post=1245"}],"version-history":[{"count":24,"href":"https:\/\/aecolos.edu.gov.pt\/index.php?rest_route=\/wp\/v2\/pages\/1245\/revisions"}],"predecessor-version":[{"id":1808,"href":"https:\/\/aecolos.edu.gov.pt\/index.php?rest_route=\/wp\/v2\/pages\/1245\/revisions\/1808"}],"up":[{"embeddable":true,"href":"https:\/\/aecolos.edu.gov.pt\/index.php?rest_route=\/wp\/v2\/pages\/1416"}],"wp:attachment":[{"href":"https:\/\/aecolos.edu.gov.pt\/index.php?rest_route=%2Fwp%2Fv2%2Fmedia&parent=1245"}],"curies":[{"name":"wp","href":"https:\/\/api.w.org\/{rel}","templated":true}]}}